{"id":5021,"date":"2026-01-19T17:39:33","date_gmt":"2026-01-19T17:39:33","guid":{"rendered":"https:\/\/www.a-faid.org\/?page_id=5021"},"modified":"2026-01-19T19:52:22","modified_gmt":"2026-01-19T19:52:22","slug":"pourquoi-adherer-a-la-faid","status":"publish","type":"page","link":"https:\/\/www.a-faid.org\/index.php\/pourquoi-adherer-a-la-faid\/","title":{"rendered":"Pourquoi adh\u00e9rer \u00e0 FAID ?"},"content":{"rendered":"\t\t<div data-elementor-type=\"wp-page\" data-elementor-id=\"5021\" class=\"elementor elementor-5021\">\n\t\t\t\t<div class=\"elementor-element elementor-element-2fb6eb2 e-flex e-con-boxed e-con e-parent\" data-id=\"2fb6eb2\" data-element_type=\"container\">\n\t\t\t\t\t<div class=\"e-con-inner\">\n\t\t\t\t<div class=\"elementor-element elementor-element-51d347d elementor-widget elementor-widget-tp-heading\" data-id=\"51d347d\" data-element_type=\"widget\" data-widget_type=\"tp-heading.default\">\n\t\t\t\t<div class=\"elementor-widget-container\">\n\t\t\t\t\t\r\n\r\n\r\n<div class=\"tp-team-2__section-title\">\r\n\t<span class=\"tp-section-subtitle-2\">Pourquoi adh\u00e9rer \u00e0 FAID ?<\/span>\r\n\t\t<h2 class=\"tp-section-title tp-el-title\">Plus qu\u2019une adh\u00e9sion, un passeport pour l'impact.<\/h2><\/div>\r\n\r\n\t\t\t\t<\/div>\n\t\t\t\t<\/div>\n\t\t\t\t\t<\/div>\n\t\t\t\t<\/div>\n\t\t<div class=\"elementor-element elementor-element-6f0fe25 e-flex e-con-boxed e-con e-parent\" data-id=\"6f0fe25\" data-element_type=\"container\">\n\t\t\t\t\t<div class=\"e-con-inner\">\n\t\t<div class=\"elementor-element elementor-element-6f806c3 e-con-full e-flex e-con e-child\" data-id=\"6f806c3\" data-element_type=\"container\">\n\t\t\t\t<div class=\"elementor-element elementor-element-d570b96 elementor-widget elementor-widget-text-editor\" data-id=\"d570b96\" data-element_type=\"widget\" data-widget_type=\"text-editor.default\">\n\t\t\t\t\t\t\t\t\t<p><strong>Rejoindre les Femmes Africaines Influentes de la Diaspora<\/strong>, c\u2019est int\u00e9grer un \u00e9cosyst\u00e8me solidaire qui transforme la mobilit\u00e9 des femmes en une force de d\u00e9veloppement.<\/p><p>Votre droit d&rsquo;adh\u00e9sion est le moteur de notre d\u00e9ploiement.<\/p><p>Un r\u00e9seau de proximit\u00e9, partout o\u00f9 vous \u00eates.<\/p><p>\u200b<strong>FAID<\/strong> a pour mission d\u2019\u00eatre au plus pr\u00e8s de ses membres.<\/p><p>Votre adh\u00e9sion finance l&rsquo;ouverture de nos repr\u00e9sentations nationales.<\/p><p><strong>\u200b<\/strong><\/p>\t\t\t\t\t\t\t\t<\/div>\n\t\t\t\t<\/div>\n\t\t<div class=\"elementor-element elementor-element-b887f17 e-con-full e-flex e-con e-child\" data-id=\"b887f17\" data-element_type=\"container\">\n\t\t\t\t<div class=\"elementor-element elementor-element-f041468 elementor-widget elementor-widget-image\" data-id=\"f041468\" data-element_type=\"widget\" data-widget_type=\"image.default\">\n\t\t\t\t\t\t\t\t\t\t\t\t\t\t\t<img fetchpriority=\"high\" decoding=\"async\" width=\"640\" height=\"770\" src=\"https:\/\/www.a-faid.org\/wp-content\/uploads\/2026\/01\/rejoindre1-768x924.png\" class=\"attachment-medium_large size-medium_large wp-image-5057\" alt=\"\" srcset=\"https:\/\/www.a-faid.org\/wp-content\/uploads\/2026\/01\/rejoindre1-768x924.png 768w, https:\/\/www.a-faid.org\/wp-content\/uploads\/2026\/01\/rejoindre1-249x300.png 249w, https:\/\/www.a-faid.org\/wp-content\/uploads\/2026\/01\/rejoindre1-600x722.png 600w, https:\/\/www.a-faid.org\/wp-content\/uploads\/2026\/01\/rejoindre1.png 838w\" sizes=\"(max-width: 640px) 100vw, 640px\" \/>\t\t\t\t\t\t\t\t\t\t\t\t\t\t\t<\/div>\n\t\t\t\t<\/div>\n\t\t\t\t\t<\/div>\n\t\t\t\t<\/div>\n\t\t<div class=\"elementor-element elementor-element-ccd982d e-flex e-con-boxed e-con e-parent\" data-id=\"ccd982d\" data-element_type=\"container\">\n\t\t\t\t\t<div class=\"e-con-inner\">\n\t\t\t\t<div class=\"elementor-element elementor-element-59c09de elementor-widget elementor-widget-tp-heading\" data-id=\"59c09de\" data-element_type=\"widget\" data-widget_type=\"tp-heading.default\">\n\t\t\t\t<div class=\"elementor-widget-container\">\n\t\t\t\t\t\r\n\r\n\r\n<div class=\"tp-team-2__section-title\">\r\n\t<span class=\"tp-section-subtitle-2\">Pourquoi rejoindre FAID ?<\/span>\r\n\t\t<h2 class=\"tp-section-title tp-el-title\">Pr\u00e9sence locale<\/h2><\/div>\r\n\r\n\t\t\t\t<\/div>\n\t\t\t\t<\/div>\n\t\t\t\t\t<\/div>\n\t\t\t\t<\/div>\n\t\t<div class=\"elementor-element elementor-element-b74c9f9 e-con-full e-flex e-con e-parent\" data-id=\"b74c9f9\" data-element_type=\"container\">\n\t\t\t\t<div class=\"elementor-element elementor-element-b0f865b elementor-widget elementor-widget-image\" data-id=\"b0f865b\" data-element_type=\"widget\" data-widget_type=\"image.default\">\n\t\t\t\t\t\t\t\t\t\t\t\t\t\t\t<img decoding=\"async\" width=\"1600\" height=\"586\" src=\"https:\/\/www.a-faid.org\/wp-content\/uploads\/2025\/10\/mappemonde3.png\" class=\"attachment-full size-full wp-image-4789\" alt=\"\" srcset=\"https:\/\/www.a-faid.org\/wp-content\/uploads\/2025\/10\/mappemonde3.png 1600w, https:\/\/www.a-faid.org\/wp-content\/uploads\/2025\/10\/mappemonde3-300x110.png 300w, https:\/\/www.a-faid.org\/wp-content\/uploads\/2025\/10\/mappemonde3-1024x375.png 1024w, https:\/\/www.a-faid.org\/wp-content\/uploads\/2025\/10\/mappemonde3-768x281.png 768w, https:\/\/www.a-faid.org\/wp-content\/uploads\/2025\/10\/mappemonde3-1536x563.png 1536w, https:\/\/www.a-faid.org\/wp-content\/uploads\/2025\/10\/mappemonde3-600x220.png 600w\" sizes=\"(max-width: 1600px) 100vw, 1600px\" \/>\t\t\t\t\t\t\t\t\t\t\t\t\t\t\t<\/div>\n\t\t\t\t<\/div>\n\t\t<div class=\"elementor-element elementor-element-5529e1b e-flex e-con-boxed e-con e-parent\" data-id=\"5529e1b\" data-element_type=\"container\">\n\t\t\t\t\t<div class=\"e-con-inner\">\n\t\t\t\t<div class=\"elementor-element elementor-element-9ec0af5 elementor-widget elementor-widget-text-editor\" data-id=\"9ec0af5\" data-element_type=\"widget\" data-widget_type=\"text-editor.default\">\n\t\t\t\t\t\t\t\t\t<p>Nous d\u00e9ployons des antennes dans chaque pays de r\u00e9sidence pour offrir un accueil et un accompagnement personnalis\u00e9s.<\/p><p>\u200bChaque bureau national est un guichet unique con\u00e7u pour r\u00e9pondre aux probl\u00e9matiques sp\u00e9cifiques (administratives, sociales, professionnelles) de nos communaut\u00e9s locales.<\/p>\t\t\t\t\t\t\t\t<\/div>\n\t\t\t\t\t<\/div>\n\t\t\t\t<\/div>\n\t\t<div class=\"elementor-element elementor-element-3da5ea6 e-flex e-con-boxed e-con e-parent\" data-id=\"3da5ea6\" data-element_type=\"container\">\n\t\t\t\t\t<div class=\"e-con-inner\">\n\t\t\t\t<div class=\"elementor-element elementor-element-15dac38 elementor-widget elementor-widget-tp-heading\" data-id=\"15dac38\" data-element_type=\"widget\" data-widget_type=\"tp-heading.default\">\n\t\t\t\t<div class=\"elementor-widget-container\">\n\t\t\t\t\t\r\n\r\n\r\n<div class=\"tp-team-2__section-title\">\r\n\t<span class=\"tp-section-subtitle-2\">Pourquoi rejoindre FAID ?<\/span>\r\n\t\t<h2 class=\"tp-section-title tp-el-title\">Vos avantages exclusifs<\/h2><\/div>\r\n\r\n\t\t\t\t<\/div>\n\t\t\t\t<\/div>\n\t\t\t\t\t<\/div>\n\t\t\t\t<\/div>\n\t\t<div class=\"elementor-element elementor-element-7ab4d31 e-con-full e-flex e-con e-parent\" data-id=\"7ab4d31\" data-element_type=\"container\">\n\t\t\t\t<div class=\"elementor-element elementor-element-2ae8d6c elementor-widget elementor-widget-tp-team-details-info\" data-id=\"2ae8d6c\" data-element_type=\"widget\" data-widget_type=\"tp-team-details-info.default\">\n\t\t\t\t<div class=\"elementor-widget-container\">\n\t\t\t\t\t        \r\n\r\n\r\n<div class=\"tp-team-details__area tp-team-details__sapce\">\r\n    <div class=\"container\">\r\n        <div class=\"row align-items-center\">\r\n                            <div class=\"col-xl-5 col-lg-5\">\r\n                    <div class=\"tp-team-details__thumb text-center text-lg-start\">\r\n                        <img decoding=\"async\" src=\"https:\/\/www.a-faid.org\/wp-content\/uploads\/2026\/01\/Mentorat.png\" alt=\"\">\r\n                    <\/div>\r\n                <\/div>\r\n                        <div class=\"col-xl-7 col-lg-7 wow tpfadeRight\" data-wow-duration=\".9s\"\r\n            data-wow-delay=\".7s\">\r\n                <div class=\"tp-team-details__left-box\">\r\n                                            <div class=\"tp-team-details__section-title pb-25\">\r\n                                                            <span class=\"tp-section-subtitle\">Avantages<\/span>\r\n                                                        <h2 class=\"tp-section-title pb-25\" data-wow-duration=\".9s\"\r\n                                data-wow-delay=\".5s\" >Acc\u00e8s au Programme de Mentorat <\/h2>                                                        <p>\u00catre accompagn\u00e9e par des leaders ou transmettre votre expertise \u00e0 la nouvelleg\u00e9n\u00e9ration.<\/p>\r\n                                                    <\/div>\r\n                                        <div class=\"tp-team-details__progress grey-bg\">\r\n                        <div class=\"tp-team-details__progress-item progress-pb fix\">\r\n                                                        <div class=\"progress-goals\">\r\n                                                                                            <\/div>\r\n                        <\/div>\r\n                    <\/div>\r\n                <\/div>\r\n            <\/div>\r\n        <\/div>\r\n    <\/div>\r\n<\/div>\r\n\r\n\r\n\t\t\t\t<\/div>\n\t\t\t\t<\/div>\n\t\t\t\t<div class=\"elementor-element elementor-element-bcf8a5e elementor-widget elementor-widget-tp-team-details-info\" data-id=\"bcf8a5e\" data-element_type=\"widget\" data-widget_type=\"tp-team-details-info.default\">\n\t\t\t\t<div class=\"elementor-widget-container\">\n\t\t\t\t\t        \r\n\r\n\r\n<div class=\"tp-team-details__area tp-team-details__sapce\">\r\n    <div class=\"container\">\r\n        <div class=\"row align-items-center\">\r\n                            <div class=\"col-xl-5 col-lg-5\">\r\n                    <div class=\"tp-team-details__thumb text-center text-lg-start\">\r\n                        <img decoding=\"async\" src=\"https:\/\/www.a-faid.org\/wp-content\/uploads\/2026\/01\/reseautage.png\" alt=\"\">\r\n                    <\/div>\r\n                <\/div>\r\n                        <div class=\"col-xl-7 col-lg-7 wow tpfadeRight\" data-wow-duration=\".9s\"\r\n            data-wow-delay=\".7s\">\r\n                <div class=\"tp-team-details__left-box\">\r\n                                            <div class=\"tp-team-details__section-title pb-25\">\r\n                                                            <span class=\"tp-section-subtitle\">Avantages<\/span>\r\n                                                        <h2 class=\"tp-section-title pb-25\" data-wow-duration=\".9s\"\r\n                                data-wow-delay=\".5s\" >R\u00e9seautage Strat\u00e9gique <\/h2>                                                        <p>Un acc\u00e8s privil\u00e9gi\u00e9 \u00e0 notre annuaire international de femmes d'influence et de partenaires institutionnels.<\/p>\r\n                                                    <\/div>\r\n                                        <div class=\"tp-team-details__progress grey-bg\">\r\n                        <div class=\"tp-team-details__progress-item progress-pb fix\">\r\n                                                        <div class=\"progress-goals\">\r\n                                                                                            <\/div>\r\n                        <\/div>\r\n                    <\/div>\r\n                <\/div>\r\n            <\/div>\r\n        <\/div>\r\n    <\/div>\r\n<\/div>\r\n\r\n\r\n\t\t\t\t<\/div>\n\t\t\t\t<\/div>\n\t\t\t\t<div class=\"elementor-element elementor-element-1adf8a4 elementor-widget elementor-widget-tp-team-details-info\" data-id=\"1adf8a4\" data-element_type=\"widget\" data-widget_type=\"tp-team-details-info.default\">\n\t\t\t\t<div class=\"elementor-widget-container\">\n\t\t\t\t\t        \r\n\r\n\r\n<div class=\"tp-team-details__area tp-team-details__sapce\">\r\n    <div class=\"container\">\r\n        <div class=\"row align-items-center\">\r\n                            <div class=\"col-xl-5 col-lg-5\">\r\n                    <div class=\"tp-team-details__thumb text-center text-lg-start\">\r\n                        <img decoding=\"async\" src=\"https:\/\/www.a-faid.org\/wp-content\/uploads\/2026\/01\/Appui-aux-projets.png\" alt=\"\">\r\n                    <\/div>\r\n                <\/div>\r\n                        <div class=\"col-xl-7 col-lg-7 wow tpfadeRight\" data-wow-duration=\".9s\"\r\n            data-wow-delay=\".7s\">\r\n                <div class=\"tp-team-details__left-box\">\r\n                                            <div class=\"tp-team-details__section-title pb-25\">\r\n                                                            <span class=\"tp-section-subtitle\">Avantages<\/span>\r\n                                                        <h2 class=\"tp-section-title pb-25\" data-wow-duration=\".9s\"\r\n                                data-wow-delay=\".5s\" >Appui aux projets<\/h2>                                                        <p>Une mise en avant de vos initiatives dans nos canaux de communication et lors de nos \u00e9v\u00e9nements prestigieux.<\/p>\r\n                                                    <\/div>\r\n                                        <div class=\"tp-team-details__progress grey-bg\">\r\n                        <div class=\"tp-team-details__progress-item progress-pb fix\">\r\n                                                        <div class=\"progress-goals\">\r\n                                                                                            <\/div>\r\n                        <\/div>\r\n                    <\/div>\r\n                <\/div>\r\n            <\/div>\r\n        <\/div>\r\n    <\/div>\r\n<\/div>\r\n\r\n\r\n\t\t\t\t<\/div>\n\t\t\t\t<\/div>\n\t\t\t\t<div class=\"elementor-element elementor-element-99f0cb9 elementor-widget elementor-widget-tp-team-details-info\" data-id=\"99f0cb9\" data-element_type=\"widget\" data-widget_type=\"tp-team-details-info.default\">\n\t\t\t\t<div class=\"elementor-widget-container\">\n\t\t\t\t\t        \r\n\r\n\r\n<div class=\"tp-team-details__area tp-team-details__sapce\">\r\n    <div class=\"container\">\r\n        <div class=\"row align-items-center\">\r\n                            <div class=\"col-xl-5 col-lg-5\">\r\n                    <div class=\"tp-team-details__thumb text-center text-lg-start\">\r\n                        <img decoding=\"async\" src=\"https:\/\/www.a-faid.org\/wp-content\/uploads\/2026\/01\/solidarite.png\" alt=\"\">\r\n                    <\/div>\r\n                <\/div>\r\n                        <div class=\"col-xl-7 col-lg-7 wow tpfadeRight\" data-wow-duration=\".9s\"\r\n            data-wow-delay=\".7s\">\r\n                <div class=\"tp-team-details__left-box\">\r\n                                            <div class=\"tp-team-details__section-title pb-25\">\r\n                                                            <span class=\"tp-section-subtitle\">Avantages<\/span>\r\n                                                        <h2 class=\"tp-section-title pb-25\" data-wow-duration=\".9s\"\r\n                                data-wow-delay=\".5s\" >Plateforme de solidarit\u00e9<\/h2>                                                        <p>Une assistance et une \u00e9coute active au sein de votre repr\u00e9sentation pays en cas de besoin.<\/p>\r\n                                                    <\/div>\r\n                                        <div class=\"tp-team-details__progress grey-bg\">\r\n                        <div class=\"tp-team-details__progress-item progress-pb fix\">\r\n                                                        <div class=\"progress-goals\">\r\n                                                                                            <\/div>\r\n                        <\/div>\r\n                    <\/div>\r\n                <\/div>\r\n            <\/div>\r\n        <\/div>\r\n    <\/div>\r\n<\/div>\r\n\r\n\r\n\t\t\t\t<\/div>\n\t\t\t\t<\/div>\n\t\t\t\t<div class=\"elementor-element elementor-element-2adb7d3 elementor-widget elementor-widget-tp-team-details-info\" data-id=\"2adb7d3\" data-element_type=\"widget\" data-widget_type=\"tp-team-details-info.default\">\n\t\t\t\t<div class=\"elementor-widget-container\">\n\t\t\t\t\t        \r\n\r\n\r\n<div class=\"tp-team-details__area tp-team-details__sapce\">\r\n    <div class=\"container\">\r\n        <div class=\"row align-items-center\">\r\n                            <div class=\"col-xl-5 col-lg-5\">\r\n                    <div class=\"tp-team-details__thumb text-center text-lg-start\">\r\n                        <img decoding=\"async\" src=\"https:\/\/www.a-faid.org\/wp-content\/uploads\/2026\/01\/voyage.png\" alt=\"\">\r\n                    <\/div>\r\n                <\/div>\r\n                        <div class=\"col-xl-7 col-lg-7 wow tpfadeRight\" data-wow-duration=\".9s\"\r\n            data-wow-delay=\".7s\">\r\n                <div class=\"tp-team-details__left-box\">\r\n                                            <div class=\"tp-team-details__section-title pb-25\">\r\n                                                            <span class=\"tp-section-subtitle\">Avantages<\/span>\r\n                                                        <h2 class=\"tp-section-title pb-25\" data-wow-duration=\".9s\"\r\n                                data-wow-delay=\".5s\" >Participation \u00e0 des voyages d'affaires et touristiques<\/h2>                                                    <\/div>\r\n                                        <div class=\"tp-team-details__progress grey-bg\">\r\n                        <div class=\"tp-team-details__progress-item progress-pb fix\">\r\n                                                        <div class=\"progress-goals\">\r\n                                                                                            <\/div>\r\n                        <\/div>\r\n                    <\/div>\r\n                <\/div>\r\n            <\/div>\r\n        <\/div>\r\n    <\/div>\r\n<\/div>\r\n\r\n\r\n\t\t\t\t<\/div>\n\t\t\t\t<\/div>\n\t\t\t\t<\/div>\n\t\t\t\t<\/div>\n\t\t","protected":false},"excerpt":{"rendered":"<p>Pourquoi adh\u00e9rer \u00e0 FAID ? Plus qu\u2019une adh\u00e9sion, un passeport pour l&rsquo;impact. Rejoindre les Femmes Africaines Influentes de la Diaspora, c\u2019est int\u00e9grer un \u00e9cosyst\u00e8me solidaire qui transforme la mobilit\u00e9 des femmes en une force de d\u00e9veloppement. Votre droit d&rsquo;adh\u00e9sion est le moteur de notre d\u00e9ploiement. Un r\u00e9seau de proximit\u00e9, partout o\u00f9 vous \u00eates. \u200bFAID a [&hellip;]<\/p>\n","protected":false},"author":1,"featured_media":0,"parent":0,"menu_order":0,"comment_status":"closed","ping_status":"closed","template":"","meta":{"_monsterinsights_skip_tracking":false,"_monsterinsights_sitenote_active":false,"_monsterinsights_sitenote_note":"","_monsterinsights_sitenote_category":0,"footnotes":""},"class_list":["post-5021","page","type-page","status-publish","hentry"],"aioseo_notices":[],"_links":{"self":[{"href":"https:\/\/www.a-faid.org\/index.php\/wp-json\/wp\/v2\/pages\/5021","targetHints":{"allow":["GET"]}}],"collection":[{"href":"https:\/\/www.a-faid.org\/index.php\/wp-json\/wp\/v2\/pages"}],"about":[{"href":"https:\/\/www.a-faid.org\/index.php\/wp-json\/wp\/v2\/types\/page"}],"author":[{"embeddable":true,"href":"https:\/\/www.a-faid.org\/index.php\/wp-json\/wp\/v2\/users\/1"}],"replies":[{"embeddable":true,"href":"https:\/\/www.a-faid.org\/index.php\/wp-json\/wp\/v2\/comments?post=5021"}],"version-history":[{"count":22,"href":"https:\/\/www.a-faid.org\/index.php\/wp-json\/wp\/v2\/pages\/5021\/revisions"}],"predecessor-version":[{"id":5076,"href":"https:\/\/www.a-faid.org\/index.php\/wp-json\/wp\/v2\/pages\/5021\/revisions\/5076"}],"wp:attachment":[{"href":"https:\/\/www.a-faid.org\/index.php\/wp-json\/wp\/v2\/media?parent=5021"}],"curies":[{"name":"wp","href":"https:\/\/api.w.org\/{rel}","templated":true}]}}