{"id":5017,"date":"2026-01-19T17:21:31","date_gmt":"2026-01-19T17:21:31","guid":{"rendered":"https:\/\/www.a-faid.org\/?page_id=5017"},"modified":"2026-01-19T19:53:56","modified_gmt":"2026-01-19T19:53:56","slug":"pourquoi-rejoindre-faid","status":"publish","type":"page","link":"https:\/\/www.a-faid.org\/index.php\/pourquoi-rejoindre-faid\/","title":{"rendered":"Pourquoi rejoindre FAID ?"},"content":{"rendered":"\t\t<div data-elementor-type=\"wp-page\" data-elementor-id=\"5017\" class=\"elementor elementor-5017\">\n\t\t\t\t<div class=\"elementor-element elementor-element-551d2f8 e-con-full e-flex e-con e-parent\" data-id=\"551d2f8\" data-element_type=\"container\">\n\t\t\t\t<div class=\"elementor-element elementor-element-7624ce3 elementor-widget elementor-widget-spacer\" data-id=\"7624ce3\" data-element_type=\"widget\" data-widget_type=\"spacer.default\">\n\t\t\t\t\t\t\t<div class=\"elementor-spacer\">\n\t\t\t<div class=\"elementor-spacer-inner\"><\/div>\n\t\t<\/div>\n\t\t\t\t\t\t<\/div>\n\t\t\t\t<div class=\"elementor-element elementor-element-3b6e9e3 elementor-widget elementor-widget-tp-heading\" data-id=\"3b6e9e3\" data-element_type=\"widget\" data-widget_type=\"tp-heading.default\">\n\t\t\t\t<div class=\"elementor-widget-container\">\n\t\t\t\t\t\r\n\r\n\r\n<div class=\"tp-team-2__section-title\">\r\n\t<span class=\"tp-section-subtitle-2\">Nous rejoindre <\/span>\r\n\t\t<h2 class=\"tp-section-title tp-el-title\">Pourquoi rejoindre FAID ?<\/h2><\/div>\r\n\r\n\t\t\t\t<\/div>\n\t\t\t\t<\/div>\n\t\t\t\t<\/div>\n\t\t<div class=\"elementor-element elementor-element-dc1d839 e-flex e-con-boxed e-con e-parent\" data-id=\"dc1d839\" data-element_type=\"container\">\n\t\t\t\t\t<div class=\"e-con-inner\">\n\t\t\t\t<div class=\"elementor-element elementor-element-3144018 elementor-widget elementor-widget-text-editor\" data-id=\"3144018\" data-element_type=\"widget\" data-widget_type=\"text-editor.default\">\n\t\t\t\t\t\t\t\t\t<p><strong>Acc\u00e8s \u00e0 la Plateforme Mondiale de la Communaut\u00e9<\/strong><\/p><p>Connectez-vous \u00e0 nos repr\u00e9sentations locales et internationales. Un espace digital et physique unique pour \u00e9changer avec des femmes africaines vivant partout dans le monde, qu&rsquo;elles soient sur le continent ou dans la diaspora.<\/p><p>\u200b<strong>Networking de Haut Niveau<\/strong><\/p><p>Int\u00e9grez un cercle restreint de leaders, de diplomates et de d\u00e9cideurs. B\u00e9n\u00e9ficiez de mises en relation strat\u00e9giques pour propulser votre carri\u00e8re ou vos projets au plus haut niveau.<\/p><p>\u200b<strong>Opportunit\u00e9s d&rsquo;Investissement &amp; Affaires<\/strong><\/p><p>Saisissez des opportunit\u00e9s \u00e9conomiques exclusives en Afrique et \u00e0 l\u2019international. La FAID facilite l&rsquo;acc\u00e8s aux march\u00e9s et aux projets porteurs pour ses membres.<\/p><p><strong>Acc\u00e8s Prioritaire \u00e0 tous nos \u00c9v\u00e9nements<\/strong><\/p><p>B\u00e9n\u00e9ficiez d&rsquo;invitations et de tarifs pr\u00e9f\u00e9rentiels pour nos conf\u00e9rences, tables rondes et rencontres th\u00e9matiques organis\u00e9es dans nos diff\u00e9rentes antennes nationales.<\/p><p><strong>Invitation au Gala Annuel de Prestige<\/strong><\/p><p>Participez au rendez-vous incontournable de l\u2019excellence africaine. Un moment unique de c\u00e9l\u00e9bration, de distinction et de r\u00e9seautage sous le haut patronage de nos illustres parrains.<\/p><p><strong>Acad\u00e9mie de Formation &amp; Mentorat<\/strong><\/p><p>Acc\u00e9dez \u00e0 des formations certifiantes et au programme de mentorat \u00ab Le Pont du Leadership \u00bb pour renforcer vos comp\u00e9tences et votre impact.<\/p><p>\u200b<strong>Voyages Immersifs &amp; Missions \u00c9conomiques<\/strong><\/p><p>Participez \u00e0 des s\u00e9jours immersifs sur le continent et \u00e0 l&rsquo;\u00e9tranger pour d\u00e9couvrir des \u00e9cosyst\u00e8mes locaux, nouer des partenariats et contribuer au d\u00e9veloppement de nos communaut\u00e9s.<\/p><p><strong>Chaque nouvelle adh\u00e9sion nous permet d&rsquo;ouvrir des antennes locales dont la mission est de :<\/strong><\/p><p>\u200bR\u00e9pondre \u00e0 l&rsquo;urgence et au besoin ;<\/p><p>\u200bCr\u00e9er des ancrages locaux ;<\/p><p>\u200bFaciliter l&rsquo;int\u00e9gration et le rayonnement.<\/p><p><strong>\u00ab O\u00f9 que vous soyez, la FAID s&rsquo;installe \u00e0 vos c\u00f4t\u00e9s pour que le leadership f\u00e9minin n&rsquo;ait plus de fronti\u00e8res. \u00bb<\/strong><\/p>\t\t\t\t\t\t\t\t<\/div>\n\t\t\t\t\t<\/div>\n\t\t\t\t<\/div>\n\t\t\t\t<\/div>\n\t\t","protected":false},"excerpt":{"rendered":"<p>Nous rejoindre Pourquoi rejoindre FAID ? Acc\u00e8s \u00e0 la Plateforme Mondiale de la Communaut\u00e9 Connectez-vous \u00e0 nos repr\u00e9sentations locales et internationales. Un espace digital et physique unique pour \u00e9changer avec des femmes africaines vivant partout dans le monde, qu&rsquo;elles soient sur le continent ou dans la diaspora. \u200bNetworking de Haut Niveau Int\u00e9grez un cercle restreint [&hellip;]<\/p>\n","protected":false},"author":1,"featured_media":0,"parent":0,"menu_order":0,"comment_status":"closed","ping_status":"closed","template":"","meta":{"_monsterinsights_skip_tracking":false,"_monsterinsights_sitenote_active":false,"_monsterinsights_sitenote_note":"","_monsterinsights_sitenote_category":0,"footnotes":""},"class_list":["post-5017","page","type-page","status-publish","hentry"],"aioseo_notices":[],"_links":{"self":[{"href":"https:\/\/www.a-faid.org\/index.php\/wp-json\/wp\/v2\/pages\/5017","targetHints":{"allow":["GET"]}}],"collection":[{"href":"https:\/\/www.a-faid.org\/index.php\/wp-json\/wp\/v2\/pages"}],"about":[{"href":"https:\/\/www.a-faid.org\/index.php\/wp-json\/wp\/v2\/types\/page"}],"author":[{"embeddable":true,"href":"https:\/\/www.a-faid.org\/index.php\/wp-json\/wp\/v2\/users\/1"}],"replies":[{"embeddable":true,"href":"https:\/\/www.a-faid.org\/index.php\/wp-json\/wp\/v2\/comments?post=5017"}],"version-history":[{"count":9,"href":"https:\/\/www.a-faid.org\/index.php\/wp-json\/wp\/v2\/pages\/5017\/revisions"}],"predecessor-version":[{"id":5082,"href":"https:\/\/www.a-faid.org\/index.php\/wp-json\/wp\/v2\/pages\/5017\/revisions\/5082"}],"wp:attachment":[{"href":"https:\/\/www.a-faid.org\/index.php\/wp-json\/wp\/v2\/media?parent=5017"}],"curies":[{"name":"wp","href":"https:\/\/api.w.org\/{rel}","templated":true}]}}