{"id":4566,"date":"2025-10-16T12:26:35","date_gmt":"2025-10-16T12:26:35","guid":{"rendered":"https:\/\/www.a-faid.org\/?page_id=4566"},"modified":"2025-12-08T12:40:32","modified_gmt":"2025-12-08T12:40:32","slug":"la-fondatrice","status":"publish","type":"page","link":"https:\/\/www.a-faid.org\/index.php\/la-fondatrice\/","title":{"rendered":"La Fondatrice"},"content":{"rendered":"\t\t<div data-elementor-type=\"wp-page\" data-elementor-id=\"4566\" class=\"elementor elementor-4566\">\n\t\t\t\t<div class=\"elementor-element elementor-element-ff20ced e-flex e-con-boxed e-con e-parent\" data-id=\"ff20ced\" data-element_type=\"container\">\n\t\t\t\t\t<div class=\"e-con-inner\">\n\t\t\t\t<div class=\"elementor-element elementor-element-fc267e2 elementor-widget elementor-widget-spacer\" data-id=\"fc267e2\" data-element_type=\"widget\" data-widget_type=\"spacer.default\">\n\t\t\t\t\t\t\t<div class=\"elementor-spacer\">\n\t\t\t<div class=\"elementor-spacer-inner\"><\/div>\n\t\t<\/div>\n\t\t\t\t\t\t<\/div>\n\t\t\t\t\t<\/div>\n\t\t\t\t<\/div>\n\t\t<div class=\"elementor-element elementor-element-2c80293 e-flex e-con-boxed e-con e-parent\" data-id=\"2c80293\" data-element_type=\"container\">\n\t\t\t\t\t<div class=\"e-con-inner\">\n\t\t<div class=\"elementor-element elementor-element-0a525aa e-con-full e-flex e-con e-child\" data-id=\"0a525aa\" data-element_type=\"container\">\n\t\t\t\t<div class=\"elementor-element elementor-element-1909657 elementor-widget elementor-widget-image\" data-id=\"1909657\" data-element_type=\"widget\" data-widget_type=\"image.default\">\n\t\t\t\t\t\t\t\t\t\t\t\t\t\t\t<img fetchpriority=\"high\" decoding=\"async\" width=\"455\" height=\"900\" src=\"https:\/\/www.a-faid.org\/wp-content\/uploads\/2025\/10\/Kokou.png\" class=\"attachment-large size-large wp-image-4624\" alt=\"\" srcset=\"https:\/\/www.a-faid.org\/wp-content\/uploads\/2025\/10\/Kokou.png 455w, https:\/\/www.a-faid.org\/wp-content\/uploads\/2025\/10\/Kokou-152x300.png 152w\" sizes=\"(max-width: 455px) 100vw, 455px\" \/>\t\t\t\t\t\t\t\t\t\t\t\t\t\t\t<\/div>\n\t\t\t\t<\/div>\n\t\t<div class=\"elementor-element elementor-element-293e721 e-con-full e-flex e-con e-child\" data-id=\"293e721\" data-element_type=\"container\">\n\t\t<div class=\"elementor-element elementor-element-6967cc9 e-con-full e-flex e-con e-child\" data-id=\"6967cc9\" data-element_type=\"container\">\n\t\t\t\t<div class=\"elementor-element elementor-element-1aa75b1 elementor-widget elementor-widget-heading\" data-id=\"1aa75b1\" data-element_type=\"widget\" data-widget_type=\"heading.default\">\n\t\t\t\t\t<h2 class=\"elementor-heading-title elementor-size-default\">Margueritte KOKOU<\/h2>\t\t\t\t<\/div>\n\t\t\t\t<div class=\"elementor-element elementor-element-9ca87bc elementor-widget elementor-widget-heading\" data-id=\"9ca87bc\" data-element_type=\"widget\" data-widget_type=\"heading.default\">\n\t\t\t\t\t<h2 class=\"elementor-heading-title elementor-size-default\">Maral, la voix des \"\u00c9toiles\" africaines de la Diaspora<\/h2>\t\t\t\t<\/div>\n\t\t\t\t<\/div>\n\t\t<div class=\"elementor-element elementor-element-c1542f0 e-con-full e-flex e-con e-child\" data-id=\"c1542f0\" data-element_type=\"container\">\n\t\t\t\t<div class=\"elementor-element elementor-element-89268ce elementor-widget elementor-widget-text-editor\" data-id=\"89268ce\" data-element_type=\"widget\" data-widget_type=\"text-editor.default\">\n\t\t\t\t\t\t\t\t\t<p>Le parcours de Margueritte, affectueusement surnomm\u00e9e Maral, est jalonn\u00e9 d&rsquo;excellence : apr\u00e8s un Master en Audit et Contr\u00f4le de Gestion obtenu \u00e0 l&rsquo;\u00e9cole de commerce et de gestion d&rsquo;Abidjan et une formation en Langues \u00e0 l&rsquo;Universit\u00e9 d&rsquo;Atlanta (\u00c9tats-Unis), elle d\u00e9marre sa carri\u00e8re internationale chez SOFA, \u00e0 Casablanca.<\/p><p>\u200bDe retour sur ses terres ivoiriennes, elle int\u00e8gre SARTEM SA en 2006. Son leadership et son expertise la propulsent successivement aux postes strat\u00e9giques de Directrice Administrative et Financi\u00e8re puis de Directrice Commerciale et Marketing, o\u00f9 elle dirige de nombreux projets cruciaux. Une exp\u00e9rience qu&rsquo;elle enrichit ensuite en rejoignant l&rsquo;\u00e9quipe Budgets et Finances de l&rsquo;ONUCI, l&rsquo;Organisation des Nations Unies en C\u00f4te d&rsquo;Ivoire, en 2015.<\/p><p>\u200bT\u00e9moin de l&rsquo;impact souvent discret mais puissant des femmes africaines, et elle-m\u00eame membre de plusieurs associations f\u00e9minines, Maral ressent une ambition profonde : cr\u00e9er une entit\u00e9 capable non seulement de f\u00e9d\u00e9rer les femmes influentes de la diaspora, mais de leur fournir la tribune qu&rsquo;elles m\u00e9ritent. C&rsquo;est l&rsquo;essence m\u00eame de l&rsquo;association FAID.<\/p><p>\u200bAncr\u00e9e dans les valeurs africaines, elle con\u00e7oit FAID comme un espace privil\u00e9gi\u00e9 de transmission, d&rsquo;entraide et de partage de savoir-faire, avec un objectif unique : le rayonnement du continent. Pour Maral, ces femmes sont ses \u00ab\u00a0\u00c9toiles\u00a0\u00bb, ces guides silencieux et souvent invisibles qui, par leur action, font bouger les lignes en Afrique et au-del\u00e0.<\/p>\t\t\t\t\t\t\t\t<\/div>\n\t\t\t\t<\/div>\n\t\t\t\t<\/div>\n\t\t\t\t\t<\/div>\n\t\t\t\t<\/div>\n\t\t<div class=\"elementor-element elementor-element-1f416b3 e-flex e-con-boxed e-con e-parent\" data-id=\"1f416b3\" data-element_type=\"container\">\n\t\t\t\t\t<div class=\"e-con-inner\">\n\t\t\t\t<div class=\"elementor-element elementor-element-901536a elementor-widget elementor-widget-spacer\" data-id=\"901536a\" data-element_type=\"widget\" data-widget_type=\"spacer.default\">\n\t\t\t\t\t\t\t<div class=\"elementor-spacer\">\n\t\t\t<div class=\"elementor-spacer-inner\"><\/div>\n\t\t<\/div>\n\t\t\t\t\t\t<\/div>\n\t\t\t\t\t<\/div>\n\t\t\t\t<\/div>\n\t\t\t\t<\/div>\n\t\t","protected":false},"excerpt":{"rendered":"<p>Margueritte KOKOU Maral, la voix des \u00ab\u00a0\u00c9toiles\u00a0\u00bb africaines de la Diaspora Le parcours de Margueritte, affectueusement surnomm\u00e9e Maral, est jalonn\u00e9 d&rsquo;excellence : apr\u00e8s un Master en Audit et Contr\u00f4le de Gestion obtenu \u00e0 l&rsquo;\u00e9cole de commerce et de gestion d&rsquo;Abidjan et une formation en Langues \u00e0 l&rsquo;Universit\u00e9 d&rsquo;Atlanta (\u00c9tats-Unis), elle d\u00e9marre sa carri\u00e8re internationale chez [&hellip;]<\/p>\n","protected":false},"author":1,"featured_media":0,"parent":0,"menu_order":0,"comment_status":"closed","ping_status":"closed","template":"elementor_header_footer","meta":{"_monsterinsights_skip_tracking":false,"_monsterinsights_sitenote_active":false,"_monsterinsights_sitenote_note":"","_monsterinsights_sitenote_category":0,"footnotes":""},"class_list":["post-4566","page","type-page","status-publish","hentry"],"aioseo_notices":[],"_links":{"self":[{"href":"https:\/\/www.a-faid.org\/index.php\/wp-json\/wp\/v2\/pages\/4566","targetHints":{"allow":["GET"]}}],"collection":[{"href":"https:\/\/www.a-faid.org\/index.php\/wp-json\/wp\/v2\/pages"}],"about":[{"href":"https:\/\/www.a-faid.org\/index.php\/wp-json\/wp\/v2\/types\/page"}],"author":[{"embeddable":true,"href":"https:\/\/www.a-faid.org\/index.php\/wp-json\/wp\/v2\/users\/1"}],"replies":[{"embeddable":true,"href":"https:\/\/www.a-faid.org\/index.php\/wp-json\/wp\/v2\/comments?post=4566"}],"version-history":[{"count":12,"href":"https:\/\/www.a-faid.org\/index.php\/wp-json\/wp\/v2\/pages\/4566\/revisions"}],"predecessor-version":[{"id":4869,"href":"https:\/\/www.a-faid.org\/index.php\/wp-json\/wp\/v2\/pages\/4566\/revisions\/4869"}],"wp:attachment":[{"href":"https:\/\/www.a-faid.org\/index.php\/wp-json\/wp\/v2\/media?parent=4566"}],"curies":[{"name":"wp","href":"https:\/\/api.w.org\/{rel}","templated":true}]}}